{"id":93,"date":"2025-11-18T15:47:42","date_gmt":"2025-11-18T15:47:42","guid":{"rendered":"https:\/\/cms2529.commu.isfsc.be\/?page_id=93"},"modified":"2025-12-19T16:50:42","modified_gmt":"2025-12-19T16:50:42","slug":"93-2","status":"publish","type":"page","link":"https:\/\/cms2529.commu.isfsc.be\/index.php\/93-2\/","title":{"rendered":"Les Potins"},"content":{"rendered":"<p>[et_pb_section fb_built=\u00a0\u00bb1&Prime; custom_padding_last_edited=\u00a0\u00bboff|desktop\u00a0\u00bb admin_label=\u00a0\u00bbHeader\u00a0\u00bb _builder_version=\u00a0\u00bb4.27.4&Prime; background_image=\u00a0\u00bbhttps:\/\/cms2529.commu.isfsc.be\/wp-content\/uploads\/2025\/12\/Les-Potins-3.png\u00a0\u00bb width=\u00a0\u00bb100%\u00a0\u00bb min_height=\u00a0\u00bb570px\u00a0\u00bb custom_padding=\u00a0\u00bb0vw||||false|false\u00a0\u00bb custom_padding_tablet=\u00a0\u00bb50px||50px||true|false\u00a0\u00bb custom_padding_phone=\u00a0\u00bb30px||30px||true|false\u00a0\u00bb global_colors_info=\u00a0\u00bb{}\u00a0\u00bb][et_pb_row column_structure=\u00a0\u00bb1_2,1_2&Prime; _builder_version=\u00a0\u00bb4.27.4&Prime; global_colors_info=\u00a0\u00bb{}\u00a0\u00bb][et_pb_column type=\u00a0\u00bb1_2&Prime; _builder_version=\u00a0\u00bb4.16&Prime; custom_padding=\u00a0\u00bb||||false|false\u00a0\u00bb custom_padding_tablet=\u00a0\u00bb||||false|false\u00a0\u00bb custom_padding_phone=\u00a0\u00bb|55%|||false|false\u00a0\u00bb custom_padding_last_edited=\u00a0\u00bboff|tablet\u00a0\u00bb global_colors_info=\u00a0\u00bb{}\u00a0\u00bb][et_pb_text _builder_version=\u00a0\u00bb4.27.4&Prime; text_font=\u00a0\u00bbAbril Fatface||||||||\u00a0\u00bb text_text_color=\u00a0\u00bbRGBA(255,255,255,0)\u00a0\u00bb text_line_height=\u00a0\u00bb1.6em\u00a0\u00bb header_font=\u00a0\u00bbMontserrat|800|||||||\u00a0\u00bb header_text_color=\u00a0\u00bb#1800ad\u00a0\u00bb header_font_size=\u00a0\u00bb100px\u00a0\u00bb header_line_height=\u00a0\u00bb1.2em\u00a0\u00bb background_color=\u00a0\u00bbRGBA(255,255,255,0)\u00a0\u00bb min_height=\u00a0\u00bb100px\u00a0\u00bb custom_margin=\u00a0\u00bb0px|-295px|||false|false\u00a0\u00bb custom_padding=\u00a0\u00bb0px||||false|false\u00a0\u00bb header_font_size_tablet=\u00a0\u00bb40px\u00a0\u00bb header_font_size_phone=\u00a0\u00bb30px\u00a0\u00bb header_font_size_last_edited=\u00a0\u00bbon|phone\u00a0\u00bb global_colors_info=\u00a0\u00bb{}\u00a0\u00bb]<\/p>\n<h1>LES POTINS<\/h1>\n<p>[\/et_pb_text][et_pb_text _builder_version=\u00a0\u00bb4.27.4&Prime; text_font=\u00a0\u00bbCabin||||||||\u00a0\u00bb text_line_height=\u00a0\u00bb2.2em\u00a0\u00bb header_font=\u00a0\u00bbCabin||||||||\u00a0\u00bb background_color=\u00a0\u00bbRGBA(255,255,255,0)\u00a0\u00bb text_orientation=\u00a0\u00bbcenter\u00a0\u00bb width=\u00a0\u00bb100%\u00a0\u00bb custom_margin=\u00a0\u00bb10px|-199px|-1px||false|false\u00a0\u00bb custom_padding=\u00a0\u00bb13px|||111px|false|false\u00a0\u00bb text_font_size_tablet=\u00a0\u00bb14px\u00a0\u00bb text_font_size_phone=\u00a0\u00bb\u00a0\u00bb text_font_size_last_edited=\u00a0\u00bbon|phone\u00a0\u00bb global_colors_info=\u00a0\u00bb{}\u00a0\u00bb]<\/p>\n<p style=\"text-align: center;\"><strong>Les Potins, c&rsquo;est notre espace blog o\u00f9 l&rsquo;on d\u00e9crypte l&rsquo;univers de la communication digitale avec simplicit\u00e9 et efficacit\u00e9. R\u00e9seaux sociaux, tendances marketing, outils cr\u00e9atifs. On rassemble ici tout ce qu&rsquo;il faut pour comprendre le monde de la com&rsquo; d&rsquo;aujourd&rsquo;hui. Des articles courts, utiles et faciles \u00e0 lire pour rester \u00e0 jour sans prise de t\u00eate.<\/strong><\/p>\n<p>[\/et_pb_text][\/et_pb_column][et_pb_column type=\u00a0\u00bb1_2&Prime; _builder_version=\u00a0\u00bb4.27.4&Prime; _module_preset=\u00a0\u00bbdefault\u00a0\u00bb global_colors_info=\u00a0\u00bb{}\u00a0\u00bb][\/et_pb_column][\/et_pb_row][\/et_pb_section][et_pb_section fb_built=\u00a0\u00bb1&Prime; _builder_version=\u00a0\u00bb4.27.4&Prime; _module_preset=\u00a0\u00bbdefault\u00a0\u00bb background_image=\u00a0\u00bbhttps:\/\/cms2529.commu.isfsc.be\/wp-content\/uploads\/2025\/12\/Les-Potins.png\u00a0\u00bb min_height=\u00a0\u00bb492px\u00a0\u00bb global_colors_info=\u00a0\u00bb{}\u00a0\u00bb][et_pb_row _builder_version=\u00a0\u00bb4.27.4&Prime; _module_preset=\u00a0\u00bbdefault\u00a0\u00bb global_colors_info=\u00a0\u00bb{}\u00a0\u00bb][et_pb_column type=\u00a0\u00bb4_4&Prime; _builder_version=\u00a0\u00bb4.27.4&Prime; _module_preset=\u00a0\u00bbdefault\u00a0\u00bb global_colors_info=\u00a0\u00bb{}\u00a0\u00bb][et_pb_slider _builder_version=\u00a0\u00bb4.27.4&Prime; _module_preset=\u00a0\u00bbdefault\u00a0\u00bb custom_button=\u00a0\u00bbon\u00a0\u00bb button_border_radius=\u00a0\u00bb27px\u00a0\u00bb global_colors_info=\u00a0\u00bb{}\u00a0\u00bb][et_pb_slide heading=\u00a0\u00bbLe storytelling\u00a0\u00bb button_text=\u00a0\u00bbClick\u00a0\u00bb button_link=\u00a0\u00bbhttps:\/\/www.lasuperboite.be\/le-storytelling-cest-quoi\/\u00a0\u00bb _builder_version=\u00a0\u00bb4.27.4&Prime; _module_preset=\u00a0\u00bbdefault\u00a0\u00bb background_color=\u00a0\u00bb#f999c0&Prime; background_enable_color=\u00a0\u00bbon\u00a0\u00bb background_image=\u00a0\u00bbhttps:\/\/cms2529.commu.isfsc.be\/wp-content\/uploads\/2025\/11\/creative-image-mask-2@2x.png\u00a0\u00bb background_enable_image=\u00a0\u00bbon\u00a0\u00bb global_colors_info=\u00a0\u00bb{}\u00a0\u00bb sticky_transition=\u00a0\u00bbon\u00a0\u00bb]<\/p>\n<p><strong>Le storytelling consiste \u00e0 raconter des histoires de marque \u00e0 votre public. Une bonne histoire, lorsqu\u2019elle est bien racont\u00e9e, est celle qui parvient \u00e0 insuffler des sentiments, des \u00e9motions au plus profond de vous-m\u00eame. Elle vous passionne, vous interpelle, vous captive et cr\u00e9e une connexion entre son contenu et votre vie, vos opinions. <\/strong><\/p>\n<p>[\/et_pb_slide][et_pb_slide heading=\u00a0\u00bbFacebook, c&rsquo;est pour les vieux ?\u00a0\u00bb button_text=\u00a0\u00bbClick\u00a0\u00bb button_link=\u00a0\u00bbhttps:\/\/www.lesnumeriques.com\/societe-numerique\/facebook-c-est-pour-les-vieux-meta-reagit-enfin-et-propose-ces-nouveautes-deja-disponibles-sur-instagram-n247874.html\u00a0\u00bb _builder_version=\u00a0\u00bb4.27.4&Prime; _module_preset=\u00a0\u00bbdefault\u00a0\u00bb background_color=\u00a0\u00bb#cdcff8&Prime; background_enable_color=\u00a0\u00bbon\u00a0\u00bb background_image=\u00a0\u00bbhttps:\/\/cms2529.commu.isfsc.be\/wp-content\/uploads\/2025\/11\/creative-image-mask-2@2x.png\u00a0\u00bb background_enable_image=\u00a0\u00bbon\u00a0\u00bb global_colors_info=\u00a0\u00bb{}\u00a0\u00bb sticky_transition=\u00a0\u00bbon\u00a0\u00bb]<\/p>\n<p><strong>Facebook, c&rsquo;est pour les vieux. En tout cas, beaucoup d&rsquo;internautes pensent \u00e7a, surtout les plus jeunes. Mark Zuckerberg a l&rsquo;air d&rsquo;en avoir conscience et souhaite que son r\u00e9seau social soit <em>\u00ab\u00a0bien plus influent culturellement qu&rsquo;il ne l&rsquo;est aujourd&rsquo;hui\u00a0\u00bb<\/em>.<\/strong><\/p>\n<p>[\/et_pb_slide][\/et_pb_slider][\/et_pb_column][\/et_pb_row][\/et_pb_section][et_pb_section fb_built=\u00a0\u00bb1&Prime; admin_label=\u00a0\u00bbAbout\u00a0\u00bb _builder_version=\u00a0\u00bb4.27.4&Prime; background_color=\u00a0\u00bb#FFFFFF\u00a0\u00bb background_color_gradient_direction=\u00a0\u00bb93deg\u00a0\u00bb background_color_gradient_stops=\u00a0\u00bb#29c4a9 0%|rgba(43, 136, 218, 1) 19%|#2b87da 46%\u00a0\u00bb background_image=\u00a0\u00bbhttps:\/\/cms2529.commu.isfsc.be\/wp-content\/uploads\/2025\/12\/Les-Potins-8.png\u00a0\u00bb min_height=\u00a0\u00bb910px\u00a0\u00bb custom_margin=\u00a0\u00bb200px|||||\u00a0\u00bb global_colors_info=\u00a0\u00bb{}\u00a0\u00bb][et_pb_row column_structure=\u00a0\u00bb1_3,1_3,1_3&Prime; _builder_version=\u00a0\u00bb4.27.4&Prime; _module_preset=\u00a0\u00bbdefault\u00a0\u00bb min_height=\u00a0\u00bb51px\u00a0\u00bb custom_margin=\u00a0\u00bb||-6px|||\u00a0\u00bb global_colors_info=\u00a0\u00bb{}\u00a0\u00bb][et_pb_column type=\u00a0\u00bb1_3&Prime; _builder_version=\u00a0\u00bb4.27.4&Prime; _module_preset=\u00a0\u00bbdefault\u00a0\u00bb global_colors_info=\u00a0\u00bb{}\u00a0\u00bb][et_pb_heading title=\u00a0\u00bbCommunity Manager   Stop aux pr\u00e9jug\u00e9s !\u00a0\u00bb _builder_version=\u00a0\u00bb4.27.4&Prime; _module_preset=\u00a0\u00bbdefault\u00a0\u00bb title_font=\u00a0\u00bbAbril Fatface||||||||\u00a0\u00bb background_color=\u00a0\u00bb#cdcff8&Prime; custom_margin=\u00a0\u00bb|||0px|false|false\u00a0\u00bb custom_padding=\u00a0\u00bb||||false|false\u00a0\u00bb hover_enabled=\u00a0\u00bb0&Prime; border_width_all=\u00a0\u00bb2px\u00a0\u00bb border_color_all=\u00a0\u00bb#1800ad\u00a0\u00bb box_shadow_style=\u00a0\u00bbpreset1&Prime; global_colors_info=\u00a0\u00bb{}\u00a0\u00bb sticky_enabled=\u00a0\u00bb0&Prime; title_text_align=\u00a0\u00bbcenter\u00a0\u00bb][\/et_pb_heading][\/et_pb_column][et_pb_column type=\u00a0\u00bb1_3&Prime; _builder_version=\u00a0\u00bb4.27.4&Prime; _module_preset=\u00a0\u00bbdefault\u00a0\u00bb global_colors_info=\u00a0\u00bb{}\u00a0\u00bb][et_pb_heading title=\u00a0\u00bb SEO OU GEO\u00a0\u00bb _builder_version=\u00a0\u00bb4.27.4&Prime; _module_preset=\u00a0\u00bbdefault\u00a0\u00bb title_font=\u00a0\u00bbAbril Fatface||||||||\u00a0\u00bb background_color=\u00a0\u00bb#cdcff8&Prime; width=\u00a0\u00bb95%\u00a0\u00bb module_alignment=\u00a0\u00bbcenter\u00a0\u00bb custom_margin=\u00a0\u00bb||0px||false|false\u00a0\u00bb custom_padding=\u00a0\u00bb0px||0px||false|false\u00a0\u00bb hover_enabled=\u00a0\u00bb0&Prime; border_width_all=\u00a0\u00bb3px\u00a0\u00bb border_color_all=\u00a0\u00bb#1800ad\u00a0\u00bb box_shadow_style=\u00a0\u00bbpreset1&Prime; global_colors_info=\u00a0\u00bb{}\u00a0\u00bb title_text_align=\u00a0\u00bbcenter\u00a0\u00bb sticky_enabled=\u00a0\u00bb0&Prime; title_line_height=\u00a0\u00bb2.1em\u00a0\u00bb][\/et_pb_heading][\/et_pb_column][et_pb_column type=\u00a0\u00bb1_3&Prime; _builder_version=\u00a0\u00bb4.27.4&Prime; _module_preset=\u00a0\u00bbdefault\u00a0\u00bb global_colors_info=\u00a0\u00bb{}\u00a0\u00bb][et_pb_heading title=\u00a0\u00bbLe Branding\u00a0\u00bb _builder_version=\u00a0\u00bb4.27.4&Prime; _module_preset=\u00a0\u00bbdefault\u00a0\u00bb title_font=\u00a0\u00bbAbril Fatface||||||||\u00a0\u00bb background_color=\u00a0\u00bb#cdcff8&Prime; width=\u00a0\u00bb100%\u00a0\u00bb module_alignment=\u00a0\u00bbcenter\u00a0\u00bb max_height=\u00a0\u00bb1000px\u00a0\u00bb custom_margin=\u00a0\u00bb0px||0px||false|false\u00a0\u00bb custom_padding=\u00a0\u00bb||7px||false|false\u00a0\u00bb hover_enabled=\u00a0\u00bb0&Prime; border_width_all=\u00a0\u00bb3px\u00a0\u00bb border_color_all=\u00a0\u00bb#1800ad\u00a0\u00bb box_shadow_style=\u00a0\u00bbpreset1&Prime; global_colors_info=\u00a0\u00bb{}\u00a0\u00bb sticky_enabled=\u00a0\u00bb0&Prime; title_text_align=\u00a0\u00bbcenter\u00a0\u00bb title_line_height=\u00a0\u00bb1.8em\u00a0\u00bb][\/et_pb_heading][\/et_pb_column][\/et_pb_row][et_pb_row column_structure=\u00a0\u00bb1_3,1_3,1_3&Prime; _builder_version=\u00a0\u00bb4.27.4&Prime; _module_preset=\u00a0\u00bbdefault\u00a0\u00bb width=\u00a0\u00bb78.6%\u00a0\u00bb min_height=\u00a0\u00bb530px\u00a0\u00bb custom_padding=\u00a0\u00bb||12px|||\u00a0\u00bb global_colors_info=\u00a0\u00bb{}\u00a0\u00bb][et_pb_column type=\u00a0\u00bb1_3&Prime; _builder_version=\u00a0\u00bb4.27.4&Prime; _module_preset=\u00a0\u00bbdefault\u00a0\u00bb global_colors_info=\u00a0\u00bb{}\u00a0\u00bb][et_pb_team_member image_url=\u00a0\u00bbhttps:\/\/cms2529.commu.isfsc.be\/wp-content\/uploads\/2025\/11\/selection-formation-community-manager-252-1.jpg\u00a0\u00bb _builder_version=\u00a0\u00bb4.27.4&Prime; _module_preset=\u00a0\u00bbdefault\u00a0\u00bb border_radii_image=\u00a0\u00bbon|27px|27px|27px|27px\u00a0\u00bb border_width_all_image=\u00a0\u00bb7px\u00a0\u00bb global_colors_info=\u00a0\u00bb{}\u00a0\u00bb]<\/p>\n<p><span style=\"color: #000000;\"><\/span><\/p>\n<p><span style=\"color: #000000;\">Le m\u00e9tier de Community Manager est souvent r\u00e9sum\u00e9 \u00e0 son r\u00f4le d\u2019animateur de r\u00e9seaux sociaux et \u00e0 ses posts quotidiens. Point.<\/span><\/p>\n<p><span style=\"color: #000000;\">Et bien, non. \u00eatre Community Manager, ce n\u2019est pas \u00e7a. \u00catre CM, c\u2019est cr\u00e9er et g\u00e9rer une communaut\u00e9, qu\u2019elle soit d\u2019une centaine de personnes ou de cent mille. Cela demande de la strat\u00e9gie, de la cr\u00e9ativit\u00e9 et beaucoup de patience. Nous allons voir ici les coulisses de ce m\u00e9tier si obscur pour le grand public.<\/span><\/p>\n<p>[\/et_pb_team_member][\/et_pb_column][et_pb_column type=\u00a0\u00bb1_3&Prime; _builder_version=\u00a0\u00bb4.27.4&Prime; _module_preset=\u00a0\u00bbdefault\u00a0\u00bb global_colors_info=\u00a0\u00bb{}\u00a0\u00bb][et_pb_team_member image_url=\u00a0\u00bbhttps:\/\/cms2529.commu.isfsc.be\/wp-content\/uploads\/2025\/11\/6759bf8c53fe3547ee1e01eb_6751bef4eff50b2ea6e47029_thumbnail-geo.jpeg\u00a0\u00bb _builder_version=\u00a0\u00bb4.27.4&Prime; _module_preset=\u00a0\u00bbdefault\u00a0\u00bb body_font=\u00a0\u00bbTimes New Roman||||||||\u00a0\u00bb border_radii_image=\u00a0\u00bbon|27px|27px|27px|27px\u00a0\u00bb global_colors_info=\u00a0\u00bb{}\u00a0\u00bb]<\/p>\n<p>&nbsp;<\/p>\n<p><span style=\"color: #000000;\">Le SEO traditionnel (r\u00e9f\u00e9rencement naturel) appartient au pass\u00e9. <\/span><br \/><span style=\"color: #000000;\">Continuer \u00e0 r\u00e9diger pour Google comme tu le faisais en 2010 est la garantie d\u2019une disparition certaine. <\/span><br \/><span style=\"color: #000000;\">Aujourd\u2019hui, les IA g\u00e9n\u00e9ratives comme ChatGPT, <a href=\"https:\/\/www.montersonbusiness.com\/entreprise\/alternatives-francaises-chatgpt-ia-made-in-france-qui-rivalisent-avec-les-geants\/\" style=\"color: #000000;\">Mistral<\/a> et Gemini red\u00e9finissent totalement les r\u00e8gles du jeu. <\/span><br \/><span style=\"color: #000000;\">Elles captivent directement l\u2019utilisateur en r\u00e9pondant pr\u00e9cis\u00e9ment \u00e0 ses questions sans m\u00eame l\u2019envoyer sur ton site.<\/span><\/p>\n<p>.<\/p>\n<p>[\/et_pb_team_member][\/et_pb_column][et_pb_column type=\u00a0\u00bb1_3&Prime; _builder_version=\u00a0\u00bb4.27.4&Prime; _module_preset=\u00a0\u00bbdefault\u00a0\u00bb global_colors_info=\u00a0\u00bb{}\u00a0\u00bb][et_pb_team_member image_url=\u00a0\u00bbhttps:\/\/cms2529.commu.isfsc.be\/wp-content\/uploads\/2025\/12\/image-branding-1024&#215;683-1.webp\u00a0\u00bb _builder_version=\u00a0\u00bb4.27.4&Prime; _module_preset=\u00a0\u00bbdefault\u00a0\u00bb border_radii_image=\u00a0\u00bbon|27px|27px|27px|27px\u00a0\u00bb global_colors_info=\u00a0\u00bb{}\u00a0\u00bb]<\/p>\n<p><span style=\"color: #000000;\"><\/span><\/p>\n<p><span style=\"color: #000000;\">Le branding est un plan strat\u00e9gique \u00e0 long terme visant \u00e0 renforcer en permanence la reconnaissance et la r\u00e9putation d&rsquo;une marque. L&rsquo;objectif du branding de marque est de d\u00e9velopper une base toujours croissante de clients fid\u00e8les. Pour ce faire, il faut communiquer de mani\u00e8re continue et coh\u00e9rente l&rsquo;identit\u00e9 et les valeurs de la marque de mani\u00e8re significative et engageante.<\/span><\/p>\n<p>[\/et_pb_team_member][\/et_pb_column][\/et_pb_row][et_pb_row column_structure=\u00a0\u00bb1_3,1_3,1_3&Prime; _builder_version=\u00a0\u00bb4.27.4&Prime; _module_preset=\u00a0\u00bbdefault\u00a0\u00bb min_height=\u00a0\u00bb171px\u00a0\u00bb global_colors_info=\u00a0\u00bb{}\u00a0\u00bb][et_pb_column type=\u00a0\u00bb1_3&Prime; _builder_version=\u00a0\u00bb4.27.4&Prime; _module_preset=\u00a0\u00bbdefault\u00a0\u00bb global_colors_info=\u00a0\u00bb{}\u00a0\u00bb][et_pb_button button_url=\u00a0\u00bbhttps:\/\/siecledigital.fr\/2016\/01\/28\/community-manager-stop-aux-prejuges\/\u00a0\u00bb button_text=\u00a0\u00bbLire plus&#8230;\u00a0\u00bb _builder_version=\u00a0\u00bb4.27.4&Prime; _module_preset=\u00a0\u00bbdefault\u00a0\u00bb custom_button=\u00a0\u00bbon\u00a0\u00bb button_text_size=\u00a0\u00bb20px\u00a0\u00bb button_text_color=\u00a0\u00bb#1800ad\u00a0\u00bb button_bg_color=\u00a0\u00bb#cdcff8&Prime; button_border_color=\u00a0\u00bb#1800ad\u00a0\u00bb button_border_radius=\u00a0\u00bb34px\u00a0\u00bb global_colors_info=\u00a0\u00bb{}\u00a0\u00bb][\/et_pb_button][\/et_pb_column][et_pb_column type=\u00a0\u00bb1_3&Prime; _builder_version=\u00a0\u00bb4.27.4&Prime; _module_preset=\u00a0\u00bbdefault\u00a0\u00bb global_colors_info=\u00a0\u00bb{}\u00a0\u00bb][et_pb_button button_url=\u00a0\u00bbhttps:\/\/www.montersonbusiness.com\/entreprise\/gso-comment-rester-visible-face-ia-generatives\/\u00a0\u00bb button_text=\u00a0\u00bbLire plus&#8230;\u00a0\u00bb _builder_version=\u00a0\u00bb4.27.4&Prime; _module_preset=\u00a0\u00bbdefault\u00a0\u00bb custom_button=\u00a0\u00bbon\u00a0\u00bb button_text_color=\u00a0\u00bb#1800ad\u00a0\u00bb button_bg_color=\u00a0\u00bb#cdcff8&Prime; button_border_radius=\u00a0\u00bb31px\u00a0\u00bb global_colors_info=\u00a0\u00bb{}\u00a0\u00bb][\/et_pb_button][\/et_pb_column][et_pb_column type=\u00a0\u00bb1_3&Prime; _builder_version=\u00a0\u00bb4.27.4&Prime; _module_preset=\u00a0\u00bbdefault\u00a0\u00bb global_colors_info=\u00a0\u00bb{}\u00a0\u00bb][et_pb_button button_text=\u00a0\u00bbLire plus&#8230;\u00a0\u00bb _builder_version=\u00a0\u00bb4.27.4&Prime; _module_preset=\u00a0\u00bbdefault\u00a0\u00bb custom_button=\u00a0\u00bbon\u00a0\u00bb button_text_color=\u00a0\u00bb#1800ad\u00a0\u00bb button_bg_color=\u00a0\u00bb#cdcff8&Prime; button_border_radius=\u00a0\u00bb31px\u00a0\u00bb global_colors_info=\u00a0\u00bb{}\u00a0\u00bb][\/et_pb_button][\/et_pb_column][\/et_pb_row][\/et_pb_section][et_pb_section fb_built=\u00a0\u00bb1&Prime; _builder_version=\u00a0\u00bb4.27.4&Prime; _module_preset=\u00a0\u00bbdefault\u00a0\u00bb background_image=\u00a0\u00bbhttps:\/\/cms2529.commu.isfsc.be\/wp-content\/uploads\/2025\/12\/Les-Potins.png\u00a0\u00bb global_colors_info=\u00a0\u00bb{}\u00a0\u00bb][et_pb_row column_structure=\u00a0\u00bb1_4,1_4,1_4,1_4&Prime; _builder_version=\u00a0\u00bb4.27.4&Prime; _module_preset=\u00a0\u00bbdefault\u00a0\u00bb custom_padding=\u00a0\u00bb||2px||false|false\u00a0\u00bb global_colors_info=\u00a0\u00bb{}\u00a0\u00bb][et_pb_column type=\u00a0\u00bb1_4&Prime; _builder_version=\u00a0\u00bb4.27.4&Prime; _module_preset=\u00a0\u00bbdefault\u00a0\u00bb global_colors_info=\u00a0\u00bb{}\u00a0\u00bb][et_pb_heading title=\u00a0\u00bbPourquoi Pinterest est-il important pour les entreprises?\u00a0\u00bb _builder_version=\u00a0\u00bb4.27.4&Prime; _module_preset=\u00a0\u00bbdefault\u00a0\u00bb title_font=\u00a0\u00bbCabin||||||||\u00a0\u00bb title_text_align=\u00a0\u00bbcenter\u00a0\u00bb title_text_color=\u00a0\u00bb#1800ad\u00a0\u00bb title_font_size=\u00a0\u00bb29px\u00a0\u00bb width=\u00a0\u00bb96%\u00a0\u00bb max_width=\u00a0\u00bb96%\u00a0\u00bb custom_margin=\u00a0\u00bb0px|||1px|false|false\u00a0\u00bb custom_padding=\u00a0\u00bb||0px||false|false\u00a0\u00bb global_colors_info=\u00a0\u00bb{}\u00a0\u00bb][\/et_pb_heading][\/et_pb_column][et_pb_column type=\u00a0\u00bb1_4&Prime; _builder_version=\u00a0\u00bb4.27.4&Prime; _module_preset=\u00a0\u00bbdefault\u00a0\u00bb global_colors_info=\u00a0\u00bb{}\u00a0\u00bb][et_pb_heading title=\u00a0\u00bbTendances marketing 2026&Prime; _builder_version=\u00a0\u00bb4.27.4&Prime; _module_preset=\u00a0\u00bbdefault\u00a0\u00bb title_font=\u00a0\u00bbCabin||||||||\u00a0\u00bb title_text_align=\u00a0\u00bbcenter\u00a0\u00bb title_text_color=\u00a0\u00bb#1800ad\u00a0\u00bb title_font_size=\u00a0\u00bb29px\u00a0\u00bb custom_margin=\u00a0\u00bb51px||||false|false\u00a0\u00bb global_colors_info=\u00a0\u00bb{}\u00a0\u00bb][\/et_pb_heading][\/et_pb_column][et_pb_column type=\u00a0\u00bb1_4&Prime; _builder_version=\u00a0\u00bb4.27.4&Prime; _module_preset=\u00a0\u00bbdefault\u00a0\u00bb global_colors_info=\u00a0\u00bb{}\u00a0\u00bb][et_pb_heading title=\u00a0\u00bbQu&rsquo;est-ce que la cr\u00e9ation de contenue ?\u00a0\u00bb _builder_version=\u00a0\u00bb4.27.4&Prime; _module_preset=\u00a0\u00bbdefault\u00a0\u00bb title_font=\u00a0\u00bbCabin||||||||\u00a0\u00bb title_text_align=\u00a0\u00bbcenter\u00a0\u00bb title_text_color=\u00a0\u00bb#1800ad\u00a0\u00bb title_font_size=\u00a0\u00bb29px\u00a0\u00bb custom_margin=\u00a0\u00bb28px||||false|false\u00a0\u00bb global_colors_info=\u00a0\u00bb{}\u00a0\u00bb][\/et_pb_heading][\/et_pb_column][et_pb_column type=\u00a0\u00bb1_4&Prime; _builder_version=\u00a0\u00bb4.27.4&Prime; _module_preset=\u00a0\u00bbdefault\u00a0\u00bb global_colors_info=\u00a0\u00bb{}\u00a0\u00bb][et_pb_heading title=\u00a0\u00bbInstagram : un r\u00e9seau utile pour mon entreprise ?\u00a0\u00bb _builder_version=\u00a0\u00bb4.27.4&Prime; _module_preset=\u00a0\u00bbdefault\u00a0\u00bb title_font=\u00a0\u00bbCabin||||||||\u00a0\u00bb title_text_align=\u00a0\u00bbcenter\u00a0\u00bb title_text_color=\u00a0\u00bb#1800ad\u00a0\u00bb title_font_size=\u00a0\u00bb29px\u00a0\u00bb custom_margin=\u00a0\u00bb30px||||false|false\u00a0\u00bb global_colors_info=\u00a0\u00bb{}\u00a0\u00bb][\/et_pb_heading][\/et_pb_column][\/et_pb_row][et_pb_row column_structure=\u00a0\u00bb1_4,1_4,1_4,1_4&Prime; _builder_version=\u00a0\u00bb4.27.4&Prime; _module_preset=\u00a0\u00bbdefault\u00a0\u00bb global_colors_info=\u00a0\u00bb{}\u00a0\u00bb][et_pb_column type=\u00a0\u00bb1_4&Prime; _builder_version=\u00a0\u00bb4.27.4&Prime; _module_preset=\u00a0\u00bbdefault\u00a0\u00bb global_colors_info=\u00a0\u00bb{}\u00a0\u00bb][et_pb_text _builder_version=\u00a0\u00bb4.27.4&Prime; _module_preset=\u00a0\u00bbdefault\u00a0\u00bb background_color=\u00a0\u00bb#cdcff8&Prime; background_image=\u00a0\u00bbhttps:\/\/cms2529.commu.isfsc.be\/wp-content\/uploads\/2025\/11\/creative-image-mask-2@2x.png\u00a0\u00bb background_position=\u00a0\u00bbtop_left\u00a0\u00bb background_enable_pattern_style=\u00a0\u00bbon\u00a0\u00bb background_pattern_style=\u00a0\u00bbhoneycomb\u00a0\u00bb background_pattern_transform=\u00a0\u00bbflip_horizontal\u00a0\u00bb background_pattern_horizontal_offset=\u00a0\u00bb4%\u00a0\u00bb background_pattern_blend_mode=\u00a0\u00bbcolor-dodge\u00a0\u00bb width=\u00a0\u00bb100%\u00a0\u00bb max_width=\u00a0\u00bb100%\u00a0\u00bb min_height=\u00a0\u00bb470px\u00a0\u00bb height=\u00a0\u00bb511px\u00a0\u00bb max_height=\u00a0\u00bb1000px\u00a0\u00bb custom_margin=\u00a0\u00bb-1px||||false|false\u00a0\u00bb custom_padding=\u00a0\u00bb5px||18px|0px|false|false\u00a0\u00bb animation_style=\u00a0\u00bbzoom\u00a0\u00bb border_width_all=\u00a0\u00bb11px\u00a0\u00bb border_color_all=\u00a0\u00bb#1800ad\u00a0\u00bb border_style_all=\u00a0\u00bbdotted\u00a0\u00bb box_shadow_style=\u00a0\u00bbpreset6&Prime; global_colors_info=\u00a0\u00bb{}\u00a0\u00bb]<\/p>\n<p style=\"text-align: center;\"><span><\/span><\/p>\n<p style=\"text-align: center;\"><span><\/span><\/p>\n<p style=\"text-align: center;\"><span><\/span><\/p>\n<p style=\"text-align: center;\"><span>Dans un \u00e9cosyst\u00e8me digital domin\u00e9 par Instagram, Facebook et TikTok, <\/span>Pinterest <span>continue de se distinguer comme un outil unique, \u00e0 mi-chemin entre le r\u00e9seau social et le moteur de recherche visuel. Longtemps per\u00e7u comme une simple plateforme d\u2019inspiration, il s\u2019impose aujourd\u2019hui comme un levier strat\u00e9gique puissant pour les marques, les e-commer\u00e7ants et les cr\u00e9ateurs de contenu.<\/span><\/p>\n<p>[\/et_pb_text][\/et_pb_column][et_pb_column type=\u00a0\u00bb1_4&Prime; _builder_version=\u00a0\u00bb4.27.4&Prime; _module_preset=\u00a0\u00bbdefault\u00a0\u00bb box_shadow_style=\u00a0\u00bbpreset6&Prime; global_colors_info=\u00a0\u00bb{}\u00a0\u00bb][et_pb_text _builder_version=\u00a0\u00bb4.27.4&Prime; _module_preset=\u00a0\u00bbdefault\u00a0\u00bb background_color=\u00a0\u00bb#cdcff8&Prime; background_image=\u00a0\u00bbhttps:\/\/cms2529.commu.isfsc.be\/wp-content\/uploads\/2025\/11\/creative-image-mask-2@2x.png\u00a0\u00bb parallax=\u00a0\u00bbon\u00a0\u00bb height=\u00a0\u00bb507px\u00a0\u00bb custom_margin=\u00a0\u00bb|||0px|false|false\u00a0\u00bb custom_padding=\u00a0\u00bb42px||||false|false\u00a0\u00bb animation_style=\u00a0\u00bbzoom\u00a0\u00bb border_width_all=\u00a0\u00bb12px\u00a0\u00bb border_color_all=\u00a0\u00bb#1800ad\u00a0\u00bb border_style_all=\u00a0\u00bbdotted\u00a0\u00bb box_shadow_style=\u00a0\u00bbpreset6&Prime; global_colors_info=\u00a0\u00bb{}\u00a0\u00bb]<\/p>\n<p style=\"text-align: center;\">Tous les chefs d\u2019entreprise naviguent entre une multitude de responsabilit\u00e9s\u00a0\u2013\u00a0et dans un quotidien aussi charg\u00e9, il n\u2019est pas toujours simple de suivre l\u2019\u00e9volution des pratiques marketing. Mais rassurez-vous\u00a0: nos \u00e9changes avec des experts de VistaPrint nous ont appris qu\u2019en 2026, Les grandes tendances marketing ne miseront plus sur l\u2019\u00e9ph\u00e9m\u00e8re, mais plut\u00f4t sur des techniques concr\u00e8tes pour se d\u00e9marquer et cr\u00e9er du lien avec l\u2019audience.<\/p>\n<p>&nbsp;<\/p>\n<p>[\/et_pb_text][\/et_pb_column][et_pb_column type=\u00a0\u00bb1_4&Prime; _builder_version=\u00a0\u00bb4.27.4&Prime; _module_preset=\u00a0\u00bbdefault\u00a0\u00bb background_image=\u00a0\u00bbhttps:\/\/cms2529.commu.isfsc.be\/wp-content\/uploads\/2025\/11\/creative-image-mask-2@2x.png\u00a0\u00bb global_colors_info=\u00a0\u00bb{}\u00a0\u00bb][et_pb_text _builder_version=\u00a0\u00bb4.27.4&Prime; _module_preset=\u00a0\u00bbdefault\u00a0\u00bb background_color=\u00a0\u00bb#cdcff8&Prime; background_image=\u00a0\u00bbhttps:\/\/cms2529.commu.isfsc.be\/wp-content\/uploads\/2025\/11\/creative-image-mask-2@2x.png\u00a0\u00bb parallax=\u00a0\u00bbon\u00a0\u00bb width=\u00a0\u00bb100%\u00a0\u00bb max_width=\u00a0\u00bb100%\u00a0\u00bb height=\u00a0\u00bb502px\u00a0\u00bb custom_margin=\u00a0\u00bb||||false|false\u00a0\u00bb custom_padding=\u00a0\u00bb44px|2px|2px||false|false\u00a0\u00bb border_width_all=\u00a0\u00bb13px\u00a0\u00bb border_color_all=\u00a0\u00bb#1800ad\u00a0\u00bb border_style_all=\u00a0\u00bbdotted\u00a0\u00bb box_shadow_style=\u00a0\u00bbpreset6&Prime; global_colors_info=\u00a0\u00bb{}\u00a0\u00bb]<\/p>\n<p style=\"text-align: center;\"><span>La cr\u00e9ation de contenu d\u00e9signe le processus de recherche, de g\u00e9n\u00e9ration d&rsquo;id\u00e9es et de production de contenu web comme les articles de blog, les vid\u00e9os ou les publications. Elle doit s&rsquo;aligner avec les objectifs marketing et commerciaux pour r\u00e9pondre aux attentes et besoins du public cible.<\/span><\/p>\n<p>[\/et_pb_text][\/et_pb_column][et_pb_column type=\u00a0\u00bb1_4&Prime; _builder_version=\u00a0\u00bb4.27.4&Prime; _module_preset=\u00a0\u00bbdefault\u00a0\u00bb global_colors_info=\u00a0\u00bb{}\u00a0\u00bb][et_pb_text _builder_version=\u00a0\u00bb4.27.4&Prime; _module_preset=\u00a0\u00bbdefault\u00a0\u00bb background_color=\u00a0\u00bb#cdcff8&Prime; background_image=\u00a0\u00bbhttps:\/\/cms2529.commu.isfsc.be\/wp-content\/uploads\/2025\/11\/creative-image-mask-2@2x.png\u00a0\u00bb background_position=\u00a0\u00bbtop_right\u00a0\u00bb width=\u00a0\u00bb100%\u00a0\u00bb max_width=\u00a0\u00bb100%\u00a0\u00bb min_height=\u00a0\u00bb502px\u00a0\u00bb height=\u00a0\u00bb457px\u00a0\u00bb custom_margin=\u00a0\u00bb2px|||0px|false|false\u00a0\u00bb custom_padding=\u00a0\u00bb56px||0px|8px|false|false\u00a0\u00bb animation_style=\u00a0\u00bbzoom\u00a0\u00bb border_width_all=\u00a0\u00bb12px\u00a0\u00bb border_color_all=\u00a0\u00bb#1800ad\u00a0\u00bb border_style_all=\u00a0\u00bbdotted\u00a0\u00bb box_shadow_style=\u00a0\u00bbpreset6&Prime; box_shadow_color=\u00a0\u00bbRGBA(255,255,255,0)\u00a0\u00bb global_colors_info=\u00a0\u00bb{}\u00a0\u00bb]<\/p>\n<p style=\"text-align: center;\">R\u00e9seau social bas\u00e9 sur le visuel, capter l\u2019attention des internautes demande un travail sur ses publications\u00a0: les images post\u00e9es doivent \u00eatre de pr\u00e9f\u00e9rence de bonne qualit\u00e9, avec si possible une approche cr\u00e9ative ou artistique. En bref, les\u00a0images doivent \u00eatre belles, originales pour plaire et donner envie de vous suivre\u00a0sur Instagram. Une coh\u00e9rence visuelle entre vos publications est un v\u00e9ritable plus.<\/p>\n<p>[\/et_pb_text][\/et_pb_column][\/et_pb_row][et_pb_row column_structure=\u00a0\u00bb1_4,1_4,1_4,1_4&Prime; _builder_version=\u00a0\u00bb4.27.4&Prime; _module_preset=\u00a0\u00bbdefault\u00a0\u00bb custom_padding=\u00a0\u00bb1px||||false|false\u00a0\u00bb global_colors_info=\u00a0\u00bb{}\u00a0\u00bb][et_pb_column type=\u00a0\u00bb1_4&Prime; _builder_version=\u00a0\u00bb4.27.4&Prime; _module_preset=\u00a0\u00bbdefault\u00a0\u00bb global_colors_info=\u00a0\u00bb{}\u00a0\u00bb][et_pb_button button_url=\u00a0\u00bbhttps:\/\/votreassistantvirtuel.com\/blog\/pourquoi-pinterest-est-un-must-have-pour-les-entreprises\u00a0\u00bb button_text=\u00a0\u00bbLire plus&#8230;\u00a0\u00bb _builder_version=\u00a0\u00bb4.27.4&Prime; _module_preset=\u00a0\u00bbdefault\u00a0\u00bb custom_button=\u00a0\u00bbon\u00a0\u00bb button_text_size=\u00a0\u00bb21px\u00a0\u00bb button_text_color=\u00a0\u00bb#1800ad\u00a0\u00bb button_border_radius=\u00a0\u00bb27px\u00a0\u00bb button_icon_color=\u00a0\u00bbRGBA(255,255,255,0)\u00a0\u00bb custom_margin=\u00a0\u00bb|||-3px|false|false\u00a0\u00bb animation_style=\u00a0\u00bbzoom\u00a0\u00bb global_colors_info=\u00a0\u00bb{}\u00a0\u00bb][\/et_pb_button][\/et_pb_column][et_pb_column type=\u00a0\u00bb1_4&Prime; _builder_version=\u00a0\u00bb4.27.4&Prime; _module_preset=\u00a0\u00bbdefault\u00a0\u00bb global_colors_info=\u00a0\u00bb{}\u00a0\u00bb][et_pb_button button_url=\u00a0\u00bbhttps:\/\/www.vistaprint.fr\/hub\/tendances-marketing?srsltid=AfmBOor7CPN1u851TiSPSXkpf-urN-it-CNrjySIW8FeDTbNdJwQWFTm\u00a0\u00bb button_text=\u00a0\u00bbLire plus&#8230;\u00a0\u00bb _builder_version=\u00a0\u00bb4.27.4&Prime; _module_preset=\u00a0\u00bbdefault\u00a0\u00bb custom_button=\u00a0\u00bbon\u00a0\u00bb button_text_size=\u00a0\u00bb21px\u00a0\u00bb button_text_color=\u00a0\u00bb#1800ad\u00a0\u00bb button_border_radius=\u00a0\u00bb27px\u00a0\u00bb button_icon_color=\u00a0\u00bbRGBA(255,255,255,0)\u00a0\u00bb custom_margin=\u00a0\u00bb|||-3px|false|false\u00a0\u00bb animation_style=\u00a0\u00bbzoom\u00a0\u00bb global_colors_info=\u00a0\u00bb{}\u00a0\u00bb][\/et_pb_button][\/et_pb_column][et_pb_column type=\u00a0\u00bb1_4&Prime; _builder_version=\u00a0\u00bb4.27.4&Prime; _module_preset=\u00a0\u00bbdefault\u00a0\u00bb global_colors_info=\u00a0\u00bb{}\u00a0\u00bb][et_pb_button button_url=\u00a0\u00bbhttps:\/\/blog.hubspot.fr\/marketing\/creation-contenu#definition\u00a0\u00bb button_text=\u00a0\u00bbLire plus&#8230;\u00a0\u00bb _builder_version=\u00a0\u00bb4.27.4&Prime; _module_preset=\u00a0\u00bbdefault\u00a0\u00bb custom_button=\u00a0\u00bbon\u00a0\u00bb button_text_size=\u00a0\u00bb21px\u00a0\u00bb button_text_color=\u00a0\u00bb#1800ad\u00a0\u00bb button_border_radius=\u00a0\u00bb27px\u00a0\u00bb button_icon_color=\u00a0\u00bbRGBA(255,255,255,0)\u00a0\u00bb custom_margin=\u00a0\u00bb|||-3px|false|false\u00a0\u00bb animation_style=\u00a0\u00bbzoom\u00a0\u00bb global_colors_info=\u00a0\u00bb{}\u00a0\u00bb][\/et_pb_button][\/et_pb_column][et_pb_column type=\u00a0\u00bb1_4&Prime; _builder_version=\u00a0\u00bb4.27.4&Prime; _module_preset=\u00a0\u00bbdefault\u00a0\u00bb global_colors_info=\u00a0\u00bb{}\u00a0\u00bb][et_pb_button button_url=\u00a0\u00bbhttps:\/\/www.savoie.cci.fr\/instagram-un-reseau-social-utile-pour-mon-entreprise\u00a0\u00bb button_text=\u00a0\u00bbLire plus&#8230;\u00a0\u00bb _builder_version=\u00a0\u00bb4.27.4&Prime; _module_preset=\u00a0\u00bbdefault\u00a0\u00bb custom_button=\u00a0\u00bbon\u00a0\u00bb button_text_size=\u00a0\u00bb21px\u00a0\u00bb button_text_color=\u00a0\u00bb#1800ad\u00a0\u00bb button_border_radius=\u00a0\u00bb27px\u00a0\u00bb button_icon_color=\u00a0\u00bbRGBA(255,255,255,0)\u00a0\u00bb custom_margin=\u00a0\u00bb|||-3px|false|false\u00a0\u00bb animation_style=\u00a0\u00bbzoom\u00a0\u00bb global_colors_info=\u00a0\u00bb{}\u00a0\u00bb][\/et_pb_button][\/et_pb_column][\/et_pb_row][\/et_pb_section][et_pb_section fb_built=\u00a0\u00bb1&Prime; admin_label=\u00a0\u00bbTestimonials\u00a0\u00bb _builder_version=\u00a0\u00bb4.27.4&Prime; background_color=\u00a0\u00bb#f3f3f1&Prime; background_image=\u00a0\u00bbhttps:\/\/cms2529.commu.isfsc.be\/wp-content\/uploads\/2025\/12\/Les-Potins-6.png\u00a0\u00bb background_size=\u00a0\u00bbstretch\u00a0\u00bb locked=\u00a0\u00bboff\u00a0\u00bb global_colors_info=\u00a0\u00bb{}\u00a0\u00bb][et_pb_row _builder_version=\u00a0\u00bb4.16&Prime; width_tablet=\u00a0\u00bb100%\u00a0\u00bb width_phone=\u00a0\u00bb\u00a0\u00bb width_last_edited=\u00a0\u00bbon|phone\u00a0\u00bb locked=\u00a0\u00bboff\u00a0\u00bb global_colors_info=\u00a0\u00bb{}\u00a0\u00bb][et_pb_column type=\u00a0\u00bb4_4&Prime; _builder_version=\u00a0\u00bb4.16&Prime; global_colors_info=\u00a0\u00bb{}\u00a0\u00bb][et_pb_slider arrows_custom_color=\u00a0\u00bb#000000&Prime; dot_nav_custom_color=\u00a0\u00bb#000000&Prime; _builder_version=\u00a0\u00bb4.27.4&Prime; header_level=\u00a0\u00bbh5&Prime; header_font=\u00a0\u00bbPlayfair Display||on||||||\u00a0\u00bb header_text_color=\u00a0\u00bb#000000&Prime; header_font_size=\u00a0\u00bb40px\u00a0\u00bb header_line_height=\u00a0\u00bb2em\u00a0\u00bb body_font=\u00a0\u00bb|700||on|||||\u00a0\u00bb body_text_color=\u00a0\u00bb#000000&Prime; body_font_size=\u00a0\u00bb16px\u00a0\u00bb body_letter_spacing=\u00a0\u00bb2px\u00a0\u00bb body_line_height=\u00a0\u00bb2em\u00a0\u00bb background_color=\u00a0\u00bbrgba(0,0,0,0)\u00a0\u00bb max_width=\u00a0\u00bb950px\u00a0\u00bb module_alignment=\u00a0\u00bbcenter\u00a0\u00bb custom_padding=\u00a0\u00bb30px|20px|70px|20px|false|true\u00a0\u00bb custom_padding_tablet=\u00a0\u00bb30px||||false|false\u00a0\u00bb custom_padding_phone=\u00a0\u00bb20px||||false|false\u00a0\u00bb custom_padding_last_edited=\u00a0\u00bbon|phone\u00a0\u00bb header_font_size_tablet=\u00a0\u00bb25px\u00a0\u00bb header_font_size_phone=\u00a0\u00bb20px\u00a0\u00bb header_font_size_last_edited=\u00a0\u00bbon|phone\u00a0\u00bb body_font_size_tablet=\u00a0\u00bb14px\u00a0\u00bb body_font_size_phone=\u00a0\u00bb12px\u00a0\u00bb body_font_size_last_edited=\u00a0\u00bbon|phone\u00a0\u00bb body_letter_spacing_tablet=\u00a0\u00bb2px\u00a0\u00bb body_letter_spacing_last_edited=\u00a0\u00bboff|tablet\u00a0\u00bb text_shadow_style=\u00a0\u00bbpreset1&Prime; text_shadow_color=\u00a0\u00bb#1800ad\u00a0\u00bb locked=\u00a0\u00bboff\u00a0\u00bb global_colors_info=\u00a0\u00bb{}\u00a0\u00bb][et_pb_slide heading=\u00a0\u00bb%22lIRE, APPRENDRE, S&rsquo;INSPIRER : chaque article est une porte ouverte sur une communication plus moderne, plus cr\u00e9ative et plus strat\u00e9gique.%22&Prime; _builder_version=\u00a0\u00bb4.16&Prime; locked=\u00a0\u00bboff\u00a0\u00bb global_colors_info=\u00a0\u00bb{}\u00a0\u00bb sticky_transition=\u00a0\u00bbon\u00a0\u00bb][\/et_pb_slide][\/et_pb_slider][\/et_pb_column][\/et_pb_row][\/et_pb_section]<\/p>\n","protected":false},"excerpt":{"rendered":"<p>LES POTINSLes Potins, c&rsquo;est notre espace blog o\u00f9 l&rsquo;on d\u00e9crypte l&rsquo;univers de la communication digitale avec simplicit\u00e9 et efficacit\u00e9. R\u00e9seaux sociaux, tendances marketing, outils cr\u00e9atifs. On rassemble ici tout ce qu&rsquo;il faut pour comprendre le monde de la com&rsquo; d&rsquo;aujourd&rsquo;hui. Des articles courts, utiles et faciles \u00e0 lire pour rester \u00e0 jour sans prise de [&hellip;]<\/p>\n","protected":false},"author":3,"featured_media":0,"parent":0,"menu_order":0,"comment_status":"closed","ping_status":"closed","template":"","meta":{"_et_pb_use_builder":"on","_et_pb_old_content":"","_et_gb_content_width":"","footnotes":""},"class_list":["post-93","page","type-page","status-publish","hentry"],"_links":{"self":[{"href":"https:\/\/cms2529.commu.isfsc.be\/index.php\/wp-json\/wp\/v2\/pages\/93","targetHints":{"allow":["GET"]}}],"collection":[{"href":"https:\/\/cms2529.commu.isfsc.be\/index.php\/wp-json\/wp\/v2\/pages"}],"about":[{"href":"https:\/\/cms2529.commu.isfsc.be\/index.php\/wp-json\/wp\/v2\/types\/page"}],"author":[{"embeddable":true,"href":"https:\/\/cms2529.commu.isfsc.be\/index.php\/wp-json\/wp\/v2\/users\/3"}],"replies":[{"embeddable":true,"href":"https:\/\/cms2529.commu.isfsc.be\/index.php\/wp-json\/wp\/v2\/comments?post=93"}],"version-history":[{"count":51,"href":"https:\/\/cms2529.commu.isfsc.be\/index.php\/wp-json\/wp\/v2\/pages\/93\/revisions"}],"predecessor-version":[{"id":667,"href":"https:\/\/cms2529.commu.isfsc.be\/index.php\/wp-json\/wp\/v2\/pages\/93\/revisions\/667"}],"wp:attachment":[{"href":"https:\/\/cms2529.commu.isfsc.be\/index.php\/wp-json\/wp\/v2\/media?parent=93"}],"curies":[{"name":"wp","href":"https:\/\/api.w.org\/{rel}","templated":true}]}}